{"id":489,"date":"2019-03-08T20:27:27","date_gmt":"2019-03-08T19:27:27","guid":{"rendered":"https:\/\/www.massimorocchi.ch\/?page_id=489"},"modified":"2019-06-22T14:06:58","modified_gmt":"2019-06-22T12:06:58","slug":"protection-des-donnees","status":"publish","type":"page","link":"https:\/\/www.massimorocchi.ch\/fr\/protection-des-donnees\/","title":{"rendered":"Protection des donn\u00e9es"},"content":{"rendered":"<p>Nous nous r\u00e9jouissons de l\u2019int\u00e9r\u00eat que vous portez \u00e0 notre prestation de services. Nous prenons la protection de vos donn\u00e9es personnelles et leur traitement transparent au s\u00e9rieux. Dans cette d\u00e9claration de protection des donn\u00e9es, nous expliquons comment nous recueillons et traitons les donn\u00e9es personnelles.<\/p>\n<p>Important\u00a0: si vous nous fournissez des donn\u00e9es personnelles de personnes tierces (p. ex. membre de la famille, donn\u00e9es de coll\u00e8gues de travail), veuillez vous assurer que ces personnes sont au fait de la pr\u00e9sente d\u00e9claration de protection des donn\u00e9es et communiquez-nous leurs donn\u00e9es personnelles uniquement si vous y \u00eates autoris\u00e9(e) et si ces donn\u00e9es sont correctes.<\/p>\n<h2>1. Contact en cas de questions concernant la protection des donn\u00e9es<\/h2>\n<p>En cas de questions concernant la protection des donn\u00e9es, vous pouvez nous contacter \u00e0 l\u2019adresse Massimo Rocchi GmbH, T\u00fcrkheimerstrasse 62, 4055 B\u00e2le, Suisse,<br \/>\n+41 (0)61 301 83 33, <a href=\"javascript:secureDecryptAndNavigate('1kNMU4JhI8GKSRdwjcXKPchHzpRZ4WAS14fOm4FVwywV9yJ5Ef4KsbEhpiVHf09WPHZXXOWG89TaHt3XvEc7bEWtf\/ZUtaexUYN+iw==', '0d536e6c208af20e0f41adfd4f703b182f9b78f46d0d78efc8135d101f082e57')\">team(at)massimorocchi.ch<\/a>.<\/p>\n<h2>2. G\u00e9n\u00e9ralit\u00e9s concernant le traitement des donn\u00e9es<\/h2>\n<p>Notre traitement des donn\u00e9es personnelles se limite aux donn\u00e9es n\u00e9cessaires \u00e0 la mise \u00e0 disposition d\u2019un site Internet fonctionnel ainsi que de nos contenus et services. Sont collect\u00e9es uniquement les donn\u00e9es \u00e0 caract\u00e8re personnel dont nous avons r\u00e9ellement besoin pour la mise en \u0153uvre et le traitement de nos t\u00e2ches et services ou les donn\u00e9es volontairement mises \u00e0 disposition par vos soins. Le traitement de donn\u00e9es personnelles ne peut se faire qu\u2019aux fins convenues avec vous ou si toute autre base l\u00e9gale nous y autorise.<\/p>\n<h2>3. Vos droits<\/h2>\n<p>Toute personne a le droit d\u2019exiger des renseignements sur les donn\u00e9es enregistr\u00e9es la concernant. Vous avez le droit de recevoir des informations sur toutes les donn\u00e9es relatives \u00e0 votre personne disponibles dans une collecte de donn\u00e9es, y compris sur leur origine, le but du traitement, la cat\u00e9gorie des donn\u00e9es trait\u00e9es, les participants \u00e0 une collecte de donn\u00e9es ainsi que les personnes et services auxquels les donn\u00e9es sont transmises.<\/p>\n<p>Vous avez en outre le droit d\u2019obtenir la rectification, le blocage et la suppression de vos donn\u00e9es.<\/p>\n<p>Vous avez \u00e9galement le droit de r\u00e9voquer \u00e0 tout moment votre consentement donn\u00e9 \u00e0 l\u2019utilisation de vos donn\u00e9es personnelles.<\/p>\n<p>Veuillez noter que nous nous r\u00e9servons le droit de faire valoir les restrictions l\u00e9gales pr\u00e9vues, par exemple si nous sommes l\u00e9galement tenus de conserver ou de traiter certaines donn\u00e9es, si nous avons un int\u00e9r\u00eat pr\u00e9pond\u00e9rant \u00e0 le faire (dans la mesure o\u00f9 nous pouvons nous en pr\u00e9valoir) ou si nous en avons besoin pour faire valoir des droits. Vous trouverez de plus amples informations sur ce sujet au point 5 de cette d\u00e9claration de confidentialit\u00e9.<\/p>\n<h2>4. Obligation de fournir des donn\u00e9es personnelles<\/h2>\n<p>Dans le cadre de nos relations commerciales, vous devez fournir les donn\u00e9es personnelles n\u00e9cessaires \u00e0 l\u2019\u00e9tablissement et \u00e0 l\u2019ex\u00e9cution de la relation commerciale<br \/>\nainsi qu\u2019\u00e0 la r\u00e9alisation des obligations contractuelles en d\u00e9coulant (de mani\u00e8re g\u00e9n\u00e9rale, vous n\u2019\u00eates pas l\u00e9galement oblig\u00e9(e) de nous fournir des donn\u00e9es).<\/p>\n<p>Sans ces donn\u00e9es, nous ne serons normalement pas en mesure de conclure un contrat avec vous (ou le service ou la personne que vous repr\u00e9sentez) ni d\u2019ex\u00e9cuter celui-ci.<\/p>\n<p>En outre, le site Internet peut, le cas \u00e9ch\u00e9ant, ne pas \u00eatre pleinement utilis\u00e9, si certaines donn\u00e9es permettant d\u2019assurer la circulation des donn\u00e9es (par ex. l\u2019adresse IP) ne sont pas divulgu\u00e9es.<\/p>\n<h2>5. Conservation des donn\u00e9es<\/h2>\n<p>Nous traitons et enregistrons vos donn\u00e9es personnelles tant que cela est n\u00e9cessaire \u00e0 l\u2019ex\u00e9cution de nos obligations contractuelles et l\u00e9gales ou pour les objectifs poursuivis par le traitement des donn\u00e9es, c\u2019est-\u00e0-dire par exemple pour toute la dur\u00e9e de la relation commerciale (de la conclusion jusqu\u2019\u00e0 la r\u00e9siliation en passant par l\u2019ex\u00e9cution du contrat) et au-del\u00e0, conform\u00e9ment aux obligations l\u00e9gales de conservation et de documentation.<\/p>\n<p>\u00c0 cet \u00e9gard, il est possible que des donn\u00e9es personnelles soient conserv\u00e9es pour la dur\u00e9e pendant laquelle des recours peuvent \u00eatre form\u00e9s \u00e0 l\u2019encontre de notre soci\u00e9t\u00e9 et dans la mesure o\u00f9 nous y sommes tenus par la loi ou si des int\u00e9r\u00eats commerciaux l\u00e9gitimes l\u2019exigent (p. ex. \u00e0 des fins de preuve et de documentation).<\/p>\n<p>Vos donn\u00e9es personnelles ne seront plus trait\u00e9es d\u00e8s qu\u2019elles ne seront plus n\u00e9cessaires aux fins susmentionn\u00e9es.<\/p>\n<p>Tous les e-mails \u00e0 et de Massimo Rocchi GmbH sont archiv\u00e9s localement chez Massimo Rocchi GmbH en Suisse.<br \/>\nCes e-mails ne seront pas conserv\u00e9s sur le serveur de l\u2019h\u00e9bergeur.<\/p>\n<p>Nous ne g\u00e9rons pas de banque de donn\u00e9es clients.<\/p>\n<h2>6. Description et \u00e9tendue du traitement des donn\u00e9es<\/h2>\n<h3>6.1 G\u00e9n\u00e9ralit\u00e9s<\/h3>\n<p>Notre traitement des donn\u00e9es personnelles se limite aux donn\u00e9es n\u00e9cessaires \u00e0 la mise en place d\u2019un site Internet fonctionnel ainsi qu\u2019\u00e0 nos contenus et prestations. Seules les donn\u00e9es personnelles r\u00e9ellement n\u00e9cessaires \u00e0 la mise en \u0153uvre et \u00e0 l\u2019ex\u00e9cution de nos t\u00e2ches et prestations ou que vous avez volontairement mises \u00e0 notre disposition seront collect\u00e9es.<\/p>\n<p>Le traitement des donn\u00e9es personnelles se fait uniquement aux fins convenues avec vous ou si toute autre base l\u00e9gale nous y autorise.<\/p>\n<h3>6.2 Donn\u00e9es d\u2019acc\u00e8s<\/h3>\n<p>L\u2019h\u00e9bergeur du site (<a href=\"https:\/\/www.cyon.ch\">Cyon GmbH<\/a>) collecte des donn\u00e9es concernant les acc\u00e8s au site et les enregistre sous forme de fichiers journaux de serveur. Les donn\u00e9es suivantes sont enregistr\u00e9es\u00a0:<\/p>\n<ul>\n<li>Site visit\u00e9<\/li>\n<li>Heure au moment de l\u2019acc\u00e8s<\/li>\n<li>Quantit\u00e9 des donn\u00e9es envoy\u00e9es en octets<\/li>\n<li>Source\/lien vous ayant dirig\u00e9 vers la page<\/li>\n<li>Navigateur utilis\u00e9<\/li>\n<li>Syst\u00e8me d\u2019exploitation utilis\u00e9<\/li>\n<li>Adresse IP utilis\u00e9e<\/li>\n<\/ul>\n<p>Les donn\u00e9es recueillies servent uniquement \u00e0 r\u00e9aliser des analyses statistiques destin\u00e9es \u00e0 am\u00e9liorer le site Internet. L\u2019exploitant du site se r\u00e9serve le droit de contr\u00f4ler les fichiers journaux de serveur ult\u00e9rieurement, en cas d\u2019indications concr\u00e8tes d\u2019une utilisation ill\u00e9gale.<\/p>\n<h3>6.3 Contact<\/h3>\n<p>Si vous remplissez un formulaire sur notre site Internet ou nous envoyez un e-mail ou autre message \u00e9lectronique, vos informations seront enregistr\u00e9es uniquement afin de traiter la demande et toute autre question connexe, et uniquement dans le cadre de cette demande. Vos informations ne seront pas<br \/>\nutilis\u00e9es \u00e0 des fins publicitaires.<\/p>\n<h3>6.4 Portail de t\u00e9l\u00e9chargement pour la presse<\/h3>\n<p>Notre portail presse permet aux professionnels des m\u00e9dias de t\u00e9l\u00e9charger diff\u00e9rents documents, en particulier des images. L\u2019acc\u00e8s \u00e0 ce portail n\u00e9cessite une adresse e-mail et un mot de passe. Le mot de passe peut \u00eatre obtenu aupr\u00e8s de nos services par t\u00e9l\u00e9phone ou par le biais du formulaire de contact. Une demande par formulaire de contact n\u00e9cessite l\u2019indication des informations suivantes\u00a0: nom, pr\u00e9nom, nom du m\u00e9dia (p. ex. NZZ), num\u00e9ro de t\u00e9l\u00e9phone et adresse e-mail. Ces donn\u00e9es sont cependant facultatives. Seule une adresse e-mail est n\u00e9cessaire pour obtenir une autorisation d\u2019acc\u00e8s. Le mot de passe sera envoy\u00e9 par e-mail aux personnes int\u00e9ress\u00e9es. Nous enregistrerons cette adresse e-mail pour autoriser l\u2019acc\u00e8s au portail mais elle ne sera pas utilis\u00e9e \u00e0 d\u2019autres fins\u00a0;\u00a0elle ne sera pas non plus trait\u00e9e ult\u00e9rieurement ni transmise \u00e0 des tiers. En particulier, nous n\u2019analysons pas la fr\u00e9quence \u00e0 laquelle un mot de passe est demand\u00e9 via une certaine adresse e-mail. L\u2019adresse e-mail n\u2019est pas utilis\u00e9e \u00e0 des fins publicitaires ou toute autre correspondance avec les personnes int\u00e9ress\u00e9es.<\/p>\n<p>La connexion au portail presse se fait avec l\u2019adresse e-mail indiqu\u00e9e et le mot de passe. Massimo Rocchi GmbH re\u00e7oit automatiquement une notification par e-mail \u00e0 chaque connexion, indiquant quelle adresse e-mail a \u00e9t\u00e9 utilis\u00e9e pour acc\u00e9der au portail de t\u00e9l\u00e9chargement pour la presse. Nous enregistrerons cette notification par e-mail, mais elle ne sera pas utilis\u00e9e, trait\u00e9e ult\u00e9rieurement ou transmise \u00e0 des tiers. En particulier, nous n\u2019analysons pas la fr\u00e9quence \u00e0 laquelle une certaine adresse e-mail est utilis\u00e9e pour acc\u00e9der au portail presse.<\/p>\n<h2>7. Transmission de donn\u00e9es \u00e0 des tiers<\/h2>\n<p>Vos donn\u00e9es personnelles collect\u00e9es par nos soins ne seront pas transmises \u00e0 des tiers, dans la mesure o\u00f9 cela n\u2019est pas n\u00e9cessaire \u00e0 la r\u00e9alisation de notre relation commerciale avec vous.<br \/>\nDans de tels cas, nous vous informerons n\u00e9anmoins de la transmission des donn\u00e9es \u00e0 des tiers. L\u2019obligation de transmettre ces donn\u00e9es \u00e0 des autorit\u00e9s et services administratifs demeure r\u00e9serv\u00e9e dans des cas concrets.<\/p>\n<h2>8. Mesures de protection de vos donn\u00e9es<\/h2>\n<p>Nous prenons des mesures techniques et organisationnelles adapt\u00e9es pour prot\u00e9ger vos donn\u00e9es personnelles des pertes et des acc\u00e8s non-autoris\u00e9s. Nous contr\u00f4lons r\u00e9guli\u00e8rement nos mesures de s\u00e9curit\u00e9 pour garantir que vos donn\u00e9es sont en s\u00e9curit\u00e9.<\/p>\n<h2>9. Modifications de la d\u00e9claration de confidentialit\u00e9<\/h2>\n<p>Nous pouvons modifier la d\u00e9claration de confidentialit\u00e9 \u00e0 tout moment et sans pr\u00e9avis. La version actuelle, publi\u00e9e sur notre site Internet, s\u2019applique. Si la d\u00e9claration de confidentialit\u00e9 fait partie d\u2019une convention conclue avec vous, et si celle-ci a fait l\u2019objet d\u2019une mise \u00e0 jour, nous vous en informerons par e-mail ou par un autre moyen appropri\u00e9.<\/p>\n<p>\u00a9 Massimo Rocchi\u00ae GmbH, B\u00e2le<\/p>\n","protected":false},"excerpt":{"rendered":"<p>Nous nous r\u00e9jouissons de l\u2019int\u00e9r\u00eat que vous portez \u00e0 notre prestation de services. Nous prenons la protection de vos donn\u00e9es personnelles et leur traitement transparent au s\u00e9rieux. Dans cette d\u00e9claration de protection des donn\u00e9es, nous expliquons comment nous recueillons et traitons les donn\u00e9es personnelles. Important\u00a0: si vous nous fournissez des donn\u00e9es personnelles de personnes tierces [&hellip;]<\/p>\n","protected":false},"author":1,"featured_media":0,"parent":0,"menu_order":999,"comment_status":"closed","ping_status":"closed","template":"","meta":{"_acf_changed":false,"inline_featured_image":false,"footnotes":"","_links_to":"","_links_to_target":""},"class_list":["post-489","page","type-page","status-publish","hentry"],"acf":[],"_links":{"self":[{"href":"https:\/\/www.massimorocchi.ch\/fr\/wp-json\/wp\/v2\/pages\/489","targetHints":{"allow":["GET"]}}],"collection":[{"href":"https:\/\/www.massimorocchi.ch\/fr\/wp-json\/wp\/v2\/pages"}],"about":[{"href":"https:\/\/www.massimorocchi.ch\/fr\/wp-json\/wp\/v2\/types\/page"}],"author":[{"embeddable":true,"href":"https:\/\/www.massimorocchi.ch\/fr\/wp-json\/wp\/v2\/users\/1"}],"replies":[{"embeddable":true,"href":"https:\/\/www.massimorocchi.ch\/fr\/wp-json\/wp\/v2\/comments?post=489"}],"version-history":[{"count":8,"href":"https:\/\/www.massimorocchi.ch\/fr\/wp-json\/wp\/v2\/pages\/489\/revisions"}],"predecessor-version":[{"id":872,"href":"https:\/\/www.massimorocchi.ch\/fr\/wp-json\/wp\/v2\/pages\/489\/revisions\/872"}],"wp:attachment":[{"href":"https:\/\/www.massimorocchi.ch\/fr\/wp-json\/wp\/v2\/media?parent=489"}],"curies":[{"name":"wp","href":"https:\/\/api.w.org\/{rel}","templated":true}]}}